{"id":527,"date":"2020-05-01T17:30:57","date_gmt":"2020-05-01T20:30:57","guid":{"rendered":"http:\/\/localhost\/wordpress\/?page_id=527"},"modified":"2025-03-12T13:43:01","modified_gmt":"2025-03-12T16:43:01","slug":"rector-universidad-catolica","status":"publish","type":"page","link":"https:\/\/radu.edu.ar\/index.php\/rector-universidad-catolica\/","title":{"rendered":"Rector Universidad Cat\u00f3lica"},"content":{"rendered":"\t\t<div data-elementor-type=\"wp-page\" data-elementor-id=\"527\" class=\"elementor elementor-527\">\n\t\t\t\t\t\t<section class=\"elementor-section elementor-top-section elementor-element elementor-element-4088392f elementor-section-stretched elementor-section-content-middle elementor-section-boxed elementor-section-height-default elementor-section-height-default\" data-id=\"4088392f\" data-element_type=\"section\" data-settings=\"{&quot;stretch_section&quot;:&quot;section-stretched&quot;}\">\n\t\t\t\t\t\t<div class=\"elementor-container elementor-column-gap-default\">\n\t\t\t\t\t<div class=\"elementor-column elementor-col-66 elementor-top-column elementor-element elementor-element-43c986d9\" data-id=\"43c986d9\" data-element_type=\"column\">\n\t\t\t<div class=\"elementor-widget-wrap elementor-element-populated\">\n\t\t\t\t\t\t<div class=\"elementor-element elementor-element-c94f153 elementor-widget elementor-widget-spacer\" data-id=\"c94f153\" data-element_type=\"widget\" data-widget_type=\"spacer.default\">\n\t\t\t\t<div class=\"elementor-widget-container\">\n\t\t\t\t\t\t\t<div class=\"elementor-spacer\">\n\t\t\t<div class=\"elementor-spacer-inner\"><\/div>\n\t\t<\/div>\n\t\t\t\t\t\t<\/div>\n\t\t\t\t<\/div>\n\t\t\t\t<div class=\"elementor-element elementor-element-3c200bbc elementor-widget elementor-widget-heading\" data-id=\"3c200bbc\" data-element_type=\"widget\" data-widget_type=\"heading.default\">\n\t\t\t\t<div class=\"elementor-widget-container\">\n\t\t\t\t\t<h2 class=\"elementor-heading-title elementor-size-default\">Lic. Mar\u00eda Laura Simonassi<\/h2>\t\t\t\t<\/div>\n\t\t\t\t<\/div>\n\t\t\t\t<div class=\"elementor-element elementor-element-5952b929 elementor-widget-divider--view-line elementor-widget elementor-widget-divider\" data-id=\"5952b929\" data-element_type=\"widget\" data-widget_type=\"divider.default\">\n\t\t\t\t<div class=\"elementor-widget-container\">\n\t\t\t\t\t\t\t<div class=\"elementor-divider\">\n\t\t\t<span class=\"elementor-divider-separator\">\n\t\t\t\t\t\t<\/span>\n\t\t<\/div>\n\t\t\t\t\t\t<\/div>\n\t\t\t\t<\/div>\n\t\t\t\t\t<\/div>\n\t\t<\/div>\n\t\t\t\t<div class=\"elementor-column elementor-col-33 elementor-top-column elementor-element elementor-element-17b3b9d5\" data-id=\"17b3b9d5\" data-element_type=\"column\">\n\t\t\t<div class=\"elementor-widget-wrap elementor-element-populated\">\n\t\t\t\t\t\t<div class=\"elementor-element elementor-element-30688d6b elementor-widget elementor-widget-image\" data-id=\"30688d6b\" data-element_type=\"widget\" data-widget_type=\"image.default\">\n\t\t\t\t<div class=\"elementor-widget-container\">\n\t\t\t\t\t\t\t\t\t\t\t\t\t\t\t<img fetchpriority=\"high\" decoding=\"async\" width=\"300\" height=\"295\" src=\"https:\/\/radu.edu.ar\/wp-content\/uploads\/2025\/03\/maria_laura-1-1-300x295.jpg\" class=\"attachment-medium size-medium wp-image-1920\" alt=\"\" srcset=\"https:\/\/radu.edu.ar\/wp-content\/uploads\/2025\/03\/maria_laura-1-1-300x295.jpg 300w, https:\/\/radu.edu.ar\/wp-content\/uploads\/2025\/03\/maria_laura-1-1.jpg 492w\" sizes=\"(max-width: 300px) 100vw, 300px\" \/>\t\t\t\t\t\t\t\t\t\t\t\t\t\t\t<\/div>\n\t\t\t\t<\/div>\n\t\t\t\t\t<\/div>\n\t\t<\/div>\n\t\t\t\t\t<\/div>\n\t\t<\/section>\n\t\t\t\t<section class=\"elementor-section elementor-top-section elementor-element elementor-element-3268e324 elementor-section-stretched elementor-section-boxed elementor-section-height-default elementor-section-height-default\" data-id=\"3268e324\" data-element_type=\"section\" data-settings=\"{&quot;stretch_section&quot;:&quot;section-stretched&quot;,&quot;background_background&quot;:&quot;classic&quot;}\">\n\t\t\t\t\t\t<div class=\"elementor-container elementor-column-gap-default\">\n\t\t\t\t\t<div class=\"elementor-column elementor-col-100 elementor-top-column elementor-element elementor-element-426309be\" data-id=\"426309be\" data-element_type=\"column\">\n\t\t\t<div class=\"elementor-widget-wrap elementor-element-populated\">\n\t\t\t\t\t\t<div class=\"elementor-element elementor-element-34200fe2 elementor-widget elementor-widget-spacer\" data-id=\"34200fe2\" data-element_type=\"widget\" data-widget_type=\"spacer.default\">\n\t\t\t\t<div class=\"elementor-widget-container\">\n\t\t\t\t\t\t\t<div class=\"elementor-spacer\">\n\t\t\t<div class=\"elementor-spacer-inner\"><\/div>\n\t\t<\/div>\n\t\t\t\t\t\t<\/div>\n\t\t\t\t<\/div>\n\t\t\t\t<div class=\"elementor-element elementor-element-5042cd9b elementor-widget elementor-widget-text-editor\" data-id=\"5042cd9b\" data-element_type=\"widget\" data-widget_type=\"text-editor.default\">\n\t\t\t\t<div class=\"elementor-widget-container\">\n\t\t\t\t\t\t\t\t\t<p><strong>Mar\u00eda Laura Simonassi <\/strong>es Licenciada en Psicopedagog\u00eda y Profesora de Nivel Medio, Especial y Superior en Psicopedagog\u00eda por la Universidad Cat\u00f3lica de Cuyo, donde actualmente se desempe\u00f1a como Rectora. Posee una destacada trayectoria acad\u00e9mica y de gesti\u00f3n universitaria, con experiencia en docencia, investigaci\u00f3n y formaci\u00f3n de recursos humanos.<\/p><p>Su especializaci\u00f3n en docencia universitaria y en entornos virtuales, as\u00ed como su participaci\u00f3n en investigaciones sobre aprendizaje, evaluaci\u00f3n y retenci\u00f3n universitaria han fortalecido su enfoque en la calidad educativa. Se ha desempe\u00f1ado como asesora pedag\u00f3gica y ha ocupado diversos cargos de gesti\u00f3n en la Universidad Cat\u00f3lica de Cuyo, incluyendo Secretaria Acad\u00e9mica, Secretaria General Acad\u00e9mica y Vicerrectora Acad\u00e9mica, consolidando estrategias institucionales para la innovaci\u00f3n pedag\u00f3gica y la articulaci\u00f3n educativa.<\/p><p>Su liderazgo en la Universidad ha impulsado el fortalecimiento de la investigaci\u00f3n, la vinculaci\u00f3n con la comunidad y el compromiso con la educaci\u00f3n superior como motor de desarrollo social. Su trabajo ha sido reconocido a nivel acad\u00e9mico y profesional, destac\u00e1ndose su compromiso con la formaci\u00f3n integral de los estudiantes y el crecimiento institucional.<\/p>\t\t\t\t\t\t\t\t<\/div>\n\t\t\t\t<\/div>\n\t\t\t\t<div class=\"elementor-element elementor-element-3848fd03 elementor-widget elementor-widget-spacer\" data-id=\"3848fd03\" data-element_type=\"widget\" data-widget_type=\"spacer.default\">\n\t\t\t\t<div class=\"elementor-widget-container\">\n\t\t\t\t\t\t\t<div class=\"elementor-spacer\">\n\t\t\t<div class=\"elementor-spacer-inner\"><\/div>\n\t\t<\/div>\n\t\t\t\t\t\t<\/div>\n\t\t\t\t<\/div>\n\t\t\t\t\t<\/div>\n\t\t<\/div>\n\t\t\t\t\t<\/div>\n\t\t<\/section>\n\t\t\t\t<\/div>\n\t\t","protected":false},"excerpt":{"rendered":"<p>Lic. Mar\u00eda Laura Simonassi Mar\u00eda Laura Simonassi es Licenciada en Psicopedagog\u00eda y Profesora de Nivel Medio, Especial y Superior en Psicopedagog\u00eda por la Universidad Cat\u00f3lica de Cuyo, donde actualmente se desempe\u00f1a como Rectora. Posee una destacada trayectoria acad\u00e9mica y de gesti\u00f3n universitaria, con experiencia en docencia, investigaci\u00f3n y formaci\u00f3n de recursos humanos. Su especializaci\u00f3n en &#8230; <a title=\"Rector Universidad Cat\u00f3lica\" class=\"read-more\" href=\"https:\/\/radu.edu.ar\/index.php\/rector-universidad-catolica\/\" aria-label=\"M\u00e1s en Rector Universidad Cat\u00f3lica\">Leer m\u00e1s<\/a><\/p>\n","protected":false},"author":1,"featured_media":0,"parent":0,"menu_order":0,"comment_status":"closed","ping_status":"closed","template":"elementor_header_footer","meta":{"footnotes":""},"class_list":["post-527","page","type-page","status-publish"],"_links":{"self":[{"href":"https:\/\/radu.edu.ar\/index.php\/wp-json\/wp\/v2\/pages\/527"}],"collection":[{"href":"https:\/\/radu.edu.ar\/index.php\/wp-json\/wp\/v2\/pages"}],"about":[{"href":"https:\/\/radu.edu.ar\/index.php\/wp-json\/wp\/v2\/types\/page"}],"author":[{"embeddable":true,"href":"https:\/\/radu.edu.ar\/index.php\/wp-json\/wp\/v2\/users\/1"}],"replies":[{"embeddable":true,"href":"https:\/\/radu.edu.ar\/index.php\/wp-json\/wp\/v2\/comments?post=527"}],"version-history":[{"count":14,"href":"https:\/\/radu.edu.ar\/index.php\/wp-json\/wp\/v2\/pages\/527\/revisions"}],"predecessor-version":[{"id":1926,"href":"https:\/\/radu.edu.ar\/index.php\/wp-json\/wp\/v2\/pages\/527\/revisions\/1926"}],"wp:attachment":[{"href":"https:\/\/radu.edu.ar\/index.php\/wp-json\/wp\/v2\/media?parent=527"}],"curies":[{"name":"wp","href":"https:\/\/api.w.org\/{rel}","templated":true}]}}