{"id":1973,"date":"2025-03-17T11:31:45","date_gmt":"2025-03-17T14:31:45","guid":{"rendered":"https:\/\/radu.edu.ar\/?page_id=1973"},"modified":"2026-03-02T18:26:02","modified_gmt":"2026-03-02T21:26:02","slug":"rector-universidad-mendoza","status":"publish","type":"page","link":"https:\/\/radu.edu.ar\/index.php\/rector-universidad-mendoza\/","title":{"rendered":"Rector Universidad Mendoza"},"content":{"rendered":"\t\t<div data-elementor-type=\"wp-page\" data-elementor-id=\"1973\" class=\"elementor elementor-1973\">\n\t\t\t\t\t\t<section class=\"elementor-section elementor-top-section elementor-element elementor-element-754b35d elementor-section-stretched elementor-section-boxed elementor-section-height-default elementor-section-height-default\" data-id=\"754b35d\" data-element_type=\"section\" data-settings=\"{&quot;stretch_section&quot;:&quot;section-stretched&quot;}\">\n\t\t\t\t\t\t<div class=\"elementor-container elementor-column-gap-default\">\n\t\t\t\t\t<div class=\"elementor-column elementor-col-50 elementor-top-column elementor-element elementor-element-5f8d141a\" data-id=\"5f8d141a\" data-element_type=\"column\">\n\t\t\t<div class=\"elementor-widget-wrap elementor-element-populated\">\n\t\t\t\t\t\t<div class=\"elementor-element elementor-element-2a5d5b88 elementor-widget elementor-widget-spacer\" data-id=\"2a5d5b88\" data-element_type=\"widget\" data-widget_type=\"spacer.default\">\n\t\t\t\t<div class=\"elementor-widget-container\">\n\t\t\t\t\t\t\t<div class=\"elementor-spacer\">\n\t\t\t<div class=\"elementor-spacer-inner\"><\/div>\n\t\t<\/div>\n\t\t\t\t\t\t<\/div>\n\t\t\t\t<\/div>\n\t\t\t\t<div class=\"elementor-element elementor-element-709771ae elementor-widget__width-initial elementor-widget elementor-widget-heading\" data-id=\"709771ae\" data-element_type=\"widget\" data-widget_type=\"heading.default\">\n\t\t\t\t<div class=\"elementor-widget-container\">\n\t\t\t\t\t<h2 class=\"elementor-heading-title elementor-size-default\">Dr. Ing. Alfredo Iglesias<\/h2>\t\t\t\t<\/div>\n\t\t\t\t<\/div>\n\t\t\t\t<div class=\"elementor-element elementor-element-68d8cd3a elementor-widget-divider--view-line elementor-widget elementor-widget-divider\" data-id=\"68d8cd3a\" data-element_type=\"widget\" data-widget_type=\"divider.default\">\n\t\t\t\t<div class=\"elementor-widget-container\">\n\t\t\t\t\t\t\t<div class=\"elementor-divider\">\n\t\t\t<span class=\"elementor-divider-separator\">\n\t\t\t\t\t\t<\/span>\n\t\t<\/div>\n\t\t\t\t\t\t<\/div>\n\t\t\t\t<\/div>\n\t\t\t\t\t<\/div>\n\t\t<\/div>\n\t\t\t\t<div class=\"elementor-column elementor-col-50 elementor-top-column elementor-element elementor-element-94f33e6\" data-id=\"94f33e6\" data-element_type=\"column\">\n\t\t\t<div class=\"elementor-widget-wrap elementor-element-populated\">\n\t\t\t\t\t\t<div class=\"elementor-element elementor-element-4da08884 elementor-widget__width-initial elementor-widget elementor-widget-image\" data-id=\"4da08884\" data-element_type=\"widget\" data-widget_type=\"image.default\">\n\t\t\t\t<div class=\"elementor-widget-container\">\n\t\t\t\t\t\t\t\t\t\t\t\t\t\t\t<img fetchpriority=\"high\" decoding=\"async\" width=\"300\" height=\"300\" src=\"https:\/\/radu.edu.ar\/wp-content\/uploads\/2026\/03\/WhatsApp_Image_2026-03-02_at_11.50.00-300x300.jpeg\" class=\"attachment-medium size-medium wp-image-2350\" alt=\"\" srcset=\"https:\/\/radu.edu.ar\/wp-content\/uploads\/2026\/03\/WhatsApp_Image_2026-03-02_at_11.50.00-300x300.jpeg 300w, https:\/\/radu.edu.ar\/wp-content\/uploads\/2026\/03\/WhatsApp_Image_2026-03-02_at_11.50.00-1024x1024.jpeg 1024w, https:\/\/radu.edu.ar\/wp-content\/uploads\/2026\/03\/WhatsApp_Image_2026-03-02_at_11.50.00-150x150.jpeg 150w, https:\/\/radu.edu.ar\/wp-content\/uploads\/2026\/03\/WhatsApp_Image_2026-03-02_at_11.50.00-768x768.jpeg 768w, https:\/\/radu.edu.ar\/wp-content\/uploads\/2026\/03\/WhatsApp_Image_2026-03-02_at_11.50.00-1536x1536.jpeg 1536w, https:\/\/radu.edu.ar\/wp-content\/uploads\/2026\/03\/WhatsApp_Image_2026-03-02_at_11.50.00.jpeg 1600w\" sizes=\"(max-width: 300px) 100vw, 300px\" \/>\t\t\t\t\t\t\t\t\t\t\t\t\t\t\t<\/div>\n\t\t\t\t<\/div>\n\t\t\t\t\t<\/div>\n\t\t<\/div>\n\t\t\t\t\t<\/div>\n\t\t<\/section>\n\t\t\t\t<section class=\"elementor-section elementor-top-section elementor-element elementor-element-1b1832d elementor-section-stretched elementor-section-boxed elementor-section-height-default elementor-section-height-default\" data-id=\"1b1832d\" data-element_type=\"section\" data-settings=\"{&quot;stretch_section&quot;:&quot;section-stretched&quot;,&quot;background_background&quot;:&quot;classic&quot;}\">\n\t\t\t\t\t\t<div class=\"elementor-container elementor-column-gap-default\">\n\t\t\t\t\t<div class=\"elementor-column elementor-col-100 elementor-top-column elementor-element elementor-element-18cdb4db\" data-id=\"18cdb4db\" data-element_type=\"column\">\n\t\t\t<div class=\"elementor-widget-wrap elementor-element-populated\">\n\t\t\t\t\t\t<div class=\"elementor-element elementor-element-26c129b2 elementor-widget elementor-widget-spacer\" data-id=\"26c129b2\" data-element_type=\"widget\" data-widget_type=\"spacer.default\">\n\t\t\t\t<div class=\"elementor-widget-container\">\n\t\t\t\t\t\t\t<div class=\"elementor-spacer\">\n\t\t\t<div class=\"elementor-spacer-inner\"><\/div>\n\t\t<\/div>\n\t\t\t\t\t\t<\/div>\n\t\t\t\t<\/div>\n\t\t\t\t<div class=\"elementor-element elementor-element-36cb25f4 elementor-widget elementor-widget-text-editor\" data-id=\"36cb25f4\" data-element_type=\"widget\" data-widget_type=\"text-editor.default\">\n\t\t\t\t<div class=\"elementor-widget-container\">\n\t\t\t\t\t\t\t\t\t<div><p><b><span data-olk-copy-source=\"MessageBody\">Semblanza del <strong>Dr. Ing. Alfredo Iglesias<\/strong><\/span><\/b><\/p><\/div><div><p><strong>El inicio de una vocaci\u00f3n<\/strong> <br \/>En este momento trascendental de la vida institucional de la Universidad de Mendoza, debemos <br \/>remontarnos a las ra\u00edces de una trayectoria marcada por la dedicaci\u00f3n, la excelencia y el compromiso. <br \/>El Dr. Ing. Alfredo A. Iglesias, nacido en Mendoza en 1958, inici\u00f3 su camino acad\u00e9mico en las aulas <br \/>de esta Casa de Estudios, gradu\u00e1ndose como Ingeniero en Electr\u00f3nica y Electricidad en el a\u00f1o 1985, <br \/>en la Facultad de Ingenier\u00eda.<br \/><br \/><strong>El paso por la industria y la formaci\u00f3n continua<\/strong> <br \/>Su visi\u00f3n integradora lo llev\u00f3 a combinar tempranamente el rigor acad\u00e9mico con la pr\u00e1ctica <br \/>profesional. Durante d\u00e9cadas, dej\u00f3 su impronta en el sector privado, liderando proyectos tecnol\u00f3gicos <br \/>de vanguardia en empresas como TECNEL, ENVIROCONTROL y COARPRO. Desde el desarrollo de <br \/>sistemas de pesaje din\u00e1mico para Vialidad Nacional hasta complejos conversores de protocolos para <br \/>la industria energ\u00e9tica, su labor t\u00e9cnica siempre estuvo signada por la innovaci\u00f3n.<br \/><br \/><strong>La consolidaci\u00f3n docente y el compromiso acad\u00e9mico<\/strong><br \/>Es loable destacar su gran dedicaci\u00f3n a la transmisi\u00f3n del conocimiento, demostrada a lo largo de su <br \/>trayecto como docente -desde sus inicios como docente-asistente en nuestra instituci\u00f3n, hasta llegar <br \/>a ser Profesor Titular- en las c\u00e1tedras de Programaci\u00f3n IV y de Sistemas Operativos y Compiladores. <br \/>En 2001, obtuvo el t\u00edtulo de Especialista en Docencia Universitaria; en 2005, el de Mag\u00edster en <br \/>Docencia y Gesti\u00f3n Universitaria, alcanzando la m\u00e1xima distinci\u00f3n acad\u00e9mica: su t\u00edtulo de Doctor en <br \/>Ingenier\u00eda en el a\u00f1o 2019.<br \/><br \/><strong>Liderazgo en la Gesti\u00f3n y Excelencia en Investigaci\u00f3n<\/strong> <br \/>La gesti\u00f3n institucional se suma a su experiencia profesional como pilar en su trayectoria. Durante una <br \/>d\u00e9cada, desde el a\u00f1o 2000, se desempe\u00f1\u00f3 como Secretario Acad\u00e9mico de la Facultad de Ingenier\u00eda. <br \/>En el a\u00f1o 2010, asumi\u00f3 el decanato de dicha unidad acad\u00e9mica, cargo que ejerci\u00f3 con distinci\u00f3n y <br \/>visi\u00f3n estrat\u00e9gica hasta el a\u00f1o 2024. En 2021, el Honorable Consejo Superior de la UM reconoci\u00f3 su <br \/>entrega y compromiso design\u00e1ndolo como Vicerrector. En paralelo, su labor como investigador lo <br \/>vincul\u00f3 a proyectos de relevancia nacional, como el Radar SARAT II, para la CONAE.<br \/><br \/><strong>Un nuevo cap\u00edtulo para la Universidad de Mendoza<\/strong> <br \/>Con m\u00e1s de 35 a\u00f1os de trayectoria dedicados a la ense\u00f1anza, la investigaci\u00f3n y la conducci\u00f3n <br \/>universitaria, el Ing. Iglesias ha demostrado ser un hombre de instituci\u00f3n, cuya vida refleja los valores <br \/>de nuestra Universidad. Hoy, con la solidez que otorgan la experiencia y el saber, asume el desaf\u00edo de <br \/>guiar los destinos de la Universidad de Mendoza como su Rector.<\/p><\/div>\t\t\t\t\t\t\t\t<\/div>\n\t\t\t\t<\/div>\n\t\t\t\t<div class=\"elementor-element elementor-element-6e3af11d elementor-widget elementor-widget-spacer\" data-id=\"6e3af11d\" data-element_type=\"widget\" data-widget_type=\"spacer.default\">\n\t\t\t\t<div class=\"elementor-widget-container\">\n\t\t\t\t\t\t\t<div class=\"elementor-spacer\">\n\t\t\t<div class=\"elementor-spacer-inner\"><\/div>\n\t\t<\/div>\n\t\t\t\t\t\t<\/div>\n\t\t\t\t<\/div>\n\t\t\t\t\t<\/div>\n\t\t<\/div>\n\t\t\t\t\t<\/div>\n\t\t<\/section>\n\t\t\t\t<\/div>\n\t\t","protected":false},"excerpt":{"rendered":"<p>Dr. Ing. Alfredo Iglesias Semblanza del Dr. Ing. Alfredo Iglesias El inicio de una vocaci\u00f3n En este momento trascendental de la vida institucional de la Universidad de Mendoza, debemos remontarnos a las ra\u00edces de una trayectoria marcada por la dedicaci\u00f3n, la excelencia y el compromiso. El Dr. Ing. Alfredo A. Iglesias, nacido en Mendoza en &#8230; <a title=\"Rector Universidad Mendoza\" class=\"read-more\" href=\"https:\/\/radu.edu.ar\/index.php\/rector-universidad-mendoza\/\" aria-label=\"M\u00e1s en Rector Universidad Mendoza\">Leer m\u00e1s<\/a><\/p>\n","protected":false},"author":2,"featured_media":0,"parent":0,"menu_order":0,"comment_status":"closed","ping_status":"closed","template":"elementor_header_footer","meta":{"footnotes":""},"class_list":["post-1973","page","type-page","status-publish"],"_links":{"self":[{"href":"https:\/\/radu.edu.ar\/index.php\/wp-json\/wp\/v2\/pages\/1973"}],"collection":[{"href":"https:\/\/radu.edu.ar\/index.php\/wp-json\/wp\/v2\/pages"}],"about":[{"href":"https:\/\/radu.edu.ar\/index.php\/wp-json\/wp\/v2\/types\/page"}],"author":[{"embeddable":true,"href":"https:\/\/radu.edu.ar\/index.php\/wp-json\/wp\/v2\/users\/2"}],"replies":[{"embeddable":true,"href":"https:\/\/radu.edu.ar\/index.php\/wp-json\/wp\/v2\/comments?post=1973"}],"version-history":[{"count":10,"href":"https:\/\/radu.edu.ar\/index.php\/wp-json\/wp\/v2\/pages\/1973\/revisions"}],"predecessor-version":[{"id":2353,"href":"https:\/\/radu.edu.ar\/index.php\/wp-json\/wp\/v2\/pages\/1973\/revisions\/2353"}],"wp:attachment":[{"href":"https:\/\/radu.edu.ar\/index.php\/wp-json\/wp\/v2\/media?parent=1973"}],"curies":[{"name":"wp","href":"https:\/\/api.w.org\/{rel}","templated":true}]}}